{"id":56,"date":"2023-01-08T16:45:19","date_gmt":"2023-01-08T15:45:19","guid":{"rendered":"http:\/\/piw.gniezno.pl\/?page_id=56"},"modified":"2026-04-01T07:16:11","modified_gmt":"2026-04-01T05:16:11","slug":"dps","status":"publish","type":"page","link":"https:\/\/piw.gniezno.pl\/","title":{"rendered":"PIW GNIEZNO"},"content":{"rendered":"\t\t<div data-elementor-type=\"wp-page\" data-elementor-id=\"56\" class=\"elementor elementor-56\">\n\t\t\t\t<div class=\"elementor-element elementor-element-3fbe89c0 e-flex e-con-boxed e-con e-parent\" data-id=\"3fbe89c0\" data-element_type=\"container\">\n\t\t\t\t\t<div class=\"e-con-inner\">\n\t\t\t\t<div class=\"elementor-element elementor-element-3f95c02a elementor-widget elementor-widget-text-editor\" data-id=\"3f95c02a\" data-element_type=\"widget\" data-widget_type=\"text-editor.default\">\n\t\t\t\t<div class=\"elementor-widget-container\">\n\t\t\t\t\t\t\t\t\t<h4><\/h4>\n<figure class=\"wp-block-image alignwide size-large\"><img fetchpriority=\"high\" decoding=\"async\" width=\"1024\" height=\"207\" class=\"wp-image-515\" src=\"https:\/\/piw.gniezno.pl\/wp-content\/uploads\/2023\/06\/baner-1-1024x207.jpg\" alt=\"\" srcset=\"https:\/\/piw.gniezno.pl\/wp-content\/uploads\/2023\/06\/baner-1-1024x207.jpg 1024w, https:\/\/piw.gniezno.pl\/wp-content\/uploads\/2023\/06\/baner-1-300x61.jpg 300w, https:\/\/piw.gniezno.pl\/wp-content\/uploads\/2023\/06\/baner-1-768x156.jpg 768w, https:\/\/piw.gniezno.pl\/wp-content\/uploads\/2023\/06\/baner-1.jpg 1200w\" sizes=\"(max-width: 1024px) 100vw, 1024px\" \/><\/figure>\n<div class=\"default-style\">\n<div class=\"default-style\">\n<div class=\"default-style\">\n<div class=\"default-style\">\n<p>\u00a0<\/p>\n<div class=\"default-style\"><hr \/><\/div>\n<hr \/>\n<p class=\"has-text-align-right has-ast-global-color-0-color has-text-color has-link-color has-medium-font-size\"><strong>Gniezno, 31.03.2026 \u00a0\u00a0\u00a0\u00a0\u00a0\u00a0\u00a0\u00a0 <\/strong><\/p>\n<p data-start=\"324\" data-end=\"594\">Powiatowy Lekarz Weterynarii w Gnie\u017anie informuje, \u017ce w zwi\u0105zku z wej\u015bciem w \u017cycie ustawy z dnia 21 listopada 2025 r. o zdrowiu zwierz\u0105t (Dz. U. z 2025 r., poz. 1795), na\u0142o\u017cony zosta\u0142 obowi\u0105zek uzupe\u0142nienia informacji dotycz\u0105cych zak\u0142ad\u00f3w utrzymuj\u0105cych zwierz\u0119ta l\u0105dowe.<\/p>\n<p data-start=\"596\" data-end=\"925\">Zgodnie z art. 142 przedmiotowej ustawy, ka\u017cdy podmiot prowadz\u0105cy zak\u0142ad, w kt\u00f3rym utrzymywane s\u0105 zwierz\u0119ta l\u0105dowe (w tym gospodarstwa rolne), zobowi\u0105zany jest do przekazania danych niezw\u0142ocznie Powiatowemu Lekarzowi Weterynarii w Gnie\u017anie, obowi\u0105zek ten wynika z przepis\u00f3w okre\u015blonych w art. 1 pkt 1 lit. a przedmiotowej ustawy.<\/p>\n<p data-start=\"927\" data-end=\"1124\">W zwi\u0105zku z powy\u017cszym prosz\u0119 o uzupe\u0142nienie wymaganych informacji poprzez wype\u0142nienie za\u0142\u0105czonego formularza zg\u0142oszeniowego oraz jego przekazanie do Powiatowego Inspektoratu Weterynarii w Gnie\u017anie.<\/p>\n<p data-start=\"1126\" data-end=\"1247\">Wype\u0142niony formularz nale\u017cy z\u0142o\u017cy\u0107 osobi\u015bcie w siedzibie Inspektoratu, przes\u0142a\u0107 poczt\u0105 lub przekaza\u0107 drog\u0105 elektroniczn\u0105.<\/p>\n<p data-start=\"1249\" data-end=\"1351\">Po uzupe\u0142nieniu wymaganych danych zak\u0142adowi zostanie nadany weterynaryjny numer identyfikacyjny (WNI).<\/p>\n<p data-start=\"1353\" data-end=\"1455\">W przypadku pyta\u0144 lub w\u0105tpliwo\u015bci prosimy o kontakt z Powiatowym Inspektoratem Weterynarii w Gnie\u017anie.<\/p>\n<p data-start=\"1457\" data-end=\"1470\">Za\u0142\u0105czniki:<\/p>\n<ol data-start=\"1471\" data-end=\"1499\">\n<li data-section-id=\"13jscz1\" data-start=\"1471\" data-end=\"1499\"><a href=\"https:\/\/piw.gniezno.pl\/wp-content\/uploads\/2026\/04\/OSWIADCZENIE-USTAWA-O-ZDROWIU-ZWIERZAT.pdf\">O\u015bwiadczenie podmiotu<\/a><\/li>\n<\/ol>\n<div class=\"default-style\"><hr \/><\/div>\n<hr \/>\n<p class=\"has-text-align-right has-ast-global-color-0-color has-text-color has-link-color has-medium-font-size\"><strong>Gniezno, 02.03.2026 \u00a0\u00a0\u00a0\u00a0\u00a0\u00a0\u00a0\u00a0 <\/strong><\/p>\n<p>Powiatowy Lekarz Weterynarii w Gnie\u017anie zaprasza na szkolenie online, kt\u00f3re odb\u0119dzie si\u0119 dnia 6 marca 2026 roku o nast\u0119puj\u0105cej tre\u015bci:<\/p>\n<p><strong>Cz\u0119\u015b\u0107 I \u2013 link do szkolenia: <a href=\"https:\/\/meet.google.com\/hyc-korf-gea\">https:\/\/meet.google.com\/hyc-korf-gea<\/a><\/strong><\/p>\n<p>9:00\u20139:30<\/p>\n<ul>\n<li>Informacje dotycz\u0105ce choroby niebieskiego j\u0119zyka wraz z przemieszczeniami.<\/li>\n<\/ul>\n<p>9:35-10:00<\/p>\n<ul>\n<li>Sytuacja epidemiologiczn\u0105, oraz wymagania dotycz\u0105ce szczepienia przeciwko tej chorobie.<\/li>\n<\/ul>\n<p><strong>Cz\u0119\u015b\u0107 II \u2013 link do szkolenia: <a href=\"https:\/\/meet.google.com\/kod-dkhu-utx\">https:\/\/meet.google.com\/kod-dkhu-utx<\/a><\/strong><\/p>\n<p>10:05-10:40<\/p>\n<ul>\n<li>Og\u00f3lne zasady bioasekuracji ASF oraz r\u00f3\u017cnice wymaga\u0144 w strefach 0,I,II oraz jakie gminy wchodz\u0105 w poszczeg\u00f3lne strefy.<\/li>\n<\/ul>\n<p>10:45-11:05<\/p>\n<ul>\n<li>Ub\u00f3j na u\u017cytek w\u0142asny oraz warunki przeprowadzania kontroli w gospodarstwie.<\/li>\n<\/ul>\n<p><strong>Cz\u0119\u015b\u0107 III \u2013 link do szkolenia: <a href=\"https:\/\/meet.google.com\/qza-bxet-ncy\">https:\/\/meet.google.com\/qza-bxet-ncy<\/a><\/strong><\/p>\n<p>11:10-12:10<\/p>\n<ul>\n<li>Charakterystyka wysoce zjadliwej grypy ptak\u00f3w oraz rzekomego pomoru drobiu wraz z sytuacj\u0105 epidemiologiczn\u0105.<\/li>\n<li>Krajowe Programy Zwalczania Salmonella w stadach drobiu.<\/li>\n<li>Przepisy dotycz\u0105ce przeprowadzenia kontroli bioaskuracji na fermach drobiu.<\/li>\n<\/ul>\n<br \/>\n<div class=\"default-style\"><hr \/><\/div>\n<hr \/>\n<p class=\"has-text-align-right has-ast-global-color-0-color has-text-color has-link-color has-medium-font-size\"><strong>Gniezno, 02.02.2026 \u00a0\u00a0\u00a0\u00a0\u00a0\u00a0\u00a0\u00a0 <\/strong><\/p>\n<p class=\"has-medium-font-size\"><a href=\"https:\/\/piw.gniezno.pl\/wp-content\/uploads\/2026\/02\/rozporzadzenie_wojewody_wielkopolskiego_z_dnia_30.01.2026_r._hpai_i_nd.pdf\"><b>ROZPORZ\u0104DZENIE WOJEWODY WIELKOPOLSKIEGO z dnia 30 stycznia 2026 r.<br \/>w sprawie przeciwdzia\u0142ania rozprzestrzenianiu si\u0119 wysoce zjadliwej grypy ptak\u00f3w (HPAI) oraz rzekomego pomoru drobiu (ND) na terenie wojew\u00f3dztwa wielkopolskiego.<\/b><\/a><\/p>\n<\/div>\n<hr \/>\n<p class=\"has-text-align-right has-ast-global-color-0-color has-text-color has-link-color has-medium-font-size\"><strong>Gniezno, 23.01.2026 \u00a0\u00a0\u00a0\u00a0\u00a0\u00a0\u00a0\u00a0 <\/strong><\/p>\n<p class=\"has-medium-font-size\"><a href=\"https:\/\/piw.gniezno.pl\/wp-content\/uploads\/2026\/01\/Uboj_na_uzytek_wlasny_w_gospodarstwie_poradnik-1.pdf\"><b>Informacje dla rolnika, ub\u00f3j na u\u017cytek w\u0142asny jako zaktualizowana wersja poradnika pt. ,, Wymagania weterynaryjne przy przeprowadzeniu uboju zwierz\u0105t w gospodarstwie celem pozyskania mi\u0119sa na u\u017cytek w\u0142asny- informacja dla rolnika\u201d- opracowane przez G\u0142\u00f3wnego Lekarza Weterynarii<\/b><\/a><\/p>\n<p>\u00a0<\/p>\n<\/div>\n<hr \/>\n<p class=\"has-text-align-right has-ast-global-color-0-color has-text-color has-link-color has-medium-font-size\"><strong>Gniezno, 14.01.2026 \u00a0\u00a0\u00a0\u00a0\u00a0\u00a0\u00a0\u00a0 <\/strong><\/p>\n<p class=\"has-medium-font-size\"><a href=\"https:\/\/piw.gniezno.pl\/wp-content\/uploads\/2026\/01\/komunikat-PLW.pdf\"><b>Komunikat Powiatowego Lekarza Weterynarii w Gnie\u017anie do Hodowc\u00f3w Drobiu Powiatu Gnie\u017anie\u0144skiego.<\/b><\/a><\/p>\n<hr \/>\n<p class=\"has-text-align-right has-ast-global-color-0-color has-text-color has-link-color has-medium-font-size\">\u00a0<\/p>\n<\/div>\n<p class=\"has-text-align-right has-ast-global-color-0-color has-text-color has-link-color has-medium-font-size\"><strong>Gniezno, 12.12.2025<\/strong><\/p>\n<p class=\"has-text-align-right has-ast-global-color-0-color has-text-color has-link-color has-medium-font-size\"><strong> \u00a0\u00a0\u00a0\u00a0\u00a0\u00a0\u00a0<\/strong><\/p>\n<p><strong>Komunikat Powiatowego Lekarza Weterynarii w Gnie\u017anie<\/strong><\/p>\n<p>Obecnie w Polsce wyst\u0119puje realne zagro\u017cenie rozprzestrzeniania si\u0119 chor\u00f3b drobiu o istotnym znaczeniu dla hodowli oraz dla gospodarki (rzekomy pom\u00f3r drobiu oraz wysoce zjadliwa grypa ptak\u00f3w). <br \/>W zwi\u0105zku z tym w przypadku zamiaru zakupu drobiu, w tym niosek do dalszego chowu, konieczne jest zachowanie szczeg\u00f3lnej ostro\u017cno\u015bci. Wobec docieraj\u0105cych do inspektorat\u00f3w weterynarii sygna\u0142\u00f3w dotycz\u0105cych obrotu prowadzonego z naruszeniem prawa weterynaryjnego, ostro\u017cno\u015b\u0107 wskazana jest w szczeg\u00f3lno\u015bci w przypadku zakupu drobiu z wykorzystaniem popularnych platform internetowych. Jej brak mo\u017ce skutkowa\u0107 nabyciem ptak\u00f3w zaka\u017conych. W tej sytuacji bezwzgl\u0119dnie zalecana jest ka\u017cdorazowa konsultacja przed zakupem z najbli\u017cszym powiatowym inspektoratem weterynarii b\u0105d\u017a w\u0142a\u015bciwym ze wzgl\u0119du na miejsce pochodzenia zwierz\u0105t. Pomocne b\u0119dzie w takim przypadku podanie danych sprzedaj\u0105cego.<br \/>Szczeg\u00f3\u0142owe informacje uzyskacie Pa\u0144stwo w powiatowych inspektoratach weterynarii na terenie wojew\u00f3dztwa wielkopolskiego.<\/p>\n<p>PLW w Gnie\u017anie<br \/>Dariusz Nowaczyk<\/p>\n<hr \/><\/div>\n<hr \/>\n<p class=\"has-text-align-right has-ast-global-color-0-color has-text-color has-link-color has-medium-font-size\"><strong>Gniezno, 09.12.2025 \u00a0\u00a0\u00a0\u00a0\u00a0\u00a0\u00a0\u00a0 <\/strong><\/p>\n<p class=\"has-medium-font-size\"><a href=\"https:\/\/piw.gniezno.pl\/wp-content\/uploads\/2025\/12\/Komunikat-PLW.pdf\"><b>Komunikat Powiatowego Lekarza Weterynarii w Gnie\u017anie o wprowadzeniu do obrotu przez hodowc\u0119 z Wolsztyna &#8211; wbrew obowi\u0105zuj\u0105cym w ognisku choroby zakazom &#8211; kurek niosek, g\u0142\u00f3wnie do hodowli przyzagrodowej, pochodz\u0105cych z fermy, na kt\u00f3rej stwierdzony zosta\u0142 rzekomy pom\u00f3r drobiu (ND).<\/b><\/a><\/p>\n<hr \/>\n<p class=\"has-text-align-right has-ast-global-color-0-color has-text-color has-link-color has-medium-font-size\"><strong>Gniezno, 12.11.2025<\/strong><\/p>\n<p class=\"default-style\"><strong><span style=\"font-family: Bookman Old Style;\">Powiatowy Lekarz Weterynarii w Gnie\u017anie zaprasza na szkolenie online kt\u00f3re odb\u0119dzie si\u0119 dnia 14 listopada 2025 roku o nast\u0119puj\u0105cej tre\u015bci: <\/span><\/strong><\/p>\n<p class=\"default-style\"><strong><span style=\"font-family: Bookman Old Style;\">S<\/span>zkolenie online cz\u0119\u015b\u0107 I<\/strong><br \/>Pi\u0105tek, 14 listopada \u00b7 10:00\u201311:00<br \/><br \/>Informacje dla uczestnik\u00f3w szkolenia w Google Meet<\/p>\n<ul>\n<li class=\"default-style\"><em>Prosimy o logowanie si\u0119 z imienia i nazwiska w zwi\u0105zku z konieczno\u015bci sporz\u0105dzenia listy obecno\u015bci.<\/em><\/li>\n<\/ul>\n<p class=\"default-style\">Link do szkolenia:<\/p>\n<div class=\"default-style\">kliknij na link lub skopiuj i wklej w przegl\u0105darce:\u00a0 spotkanie odby\u0142o si\u0119<br \/><br \/><\/div>\n<ul>\n<li class=\"default-style\">Informacje dotycz\u0105ce choroby niebieskiego j\u0119zyka wraz z przemieszczeniami oraz og\u00f3lne zasady bioasekuracji ASF w gospodarstwach z trzod\u0105 chlewn\u0105.<\/li>\n<li class=\"default-style\">Og\u00f3lne warunki weterynaryjne w gospodarstwie (karty leczenia, systemy informatyczne).<\/li>\n<li class=\"default-style\">Charakterystyka chor\u00f3b &#8211; w\u015bcieklizny i ASF &#8211; wraz z sytuacj\u0105 epidemiologiczn\u0105.<\/li>\n<\/ul>\n<div class=\"default-style\"><strong>Szkolenie online cz\u0119\u015b\u0107 II<\/strong><br \/>Pi\u0105tek, 14 listopada \u00b7 11:30\u201312:30<br \/><br \/>Informacje dla uczestnik\u00f3w szkolenia w Google Meet<\/div>\n<div>\u00a0<\/div>\n<ul>\n<li class=\"default-style\"><em>Prosimy o logowanie si\u0119 z imienia i nazwiska w zwi\u0105zku z konieczno\u015bci sporz\u0105dzenia listy obecno\u015bci.<\/em><\/li>\n<\/ul>\n<div class=\"default-style\">Link do szkolenia:<\/div>\n<div class=\"default-style\">kliknij na link lub skopiuj i wklej w przegl\u0105darce: spotkanie odby\u0142o si\u0119<\/div>\n<ul>\n<li class=\"default-style\">Charakterystyka wysoce zjadliwej grypy ptak\u00f3w oraz rzekomego pomoru drobiu wraz z sytuacj\u0105 epidemiologiczn\u0105.<\/li>\n<li class=\"default-style\">Informacje dotycz\u0105ce sprzeda\u017cy bezpo\u015bredniej oraz rolniczego handlu detalicznego.<\/li>\n<\/ul>\n<div class=\"default-style\"><em>Je\u017celi wyst\u0105pi\u0105 nieoczekiwane problemy uniemo\u017cliwiaj\u0105ce przeprowadzenie w\/w szkole\u0144 poinformujemy Pa\u0144stwa na stronie\u00a0<a href=\"http:\/\/www.piw.gniezno.pl\/\" target=\"_blank\" rel=\"noopener\">www.piw.gniezno.pl<\/a>.<\/em><\/div>\n<hr \/>\n<p class=\"has-text-align-right has-ast-global-color-0-color has-text-color has-link-color has-medium-font-size\"><strong>Gniezno, 06.11.2025 \u00a0\u00a0\u00a0\u00a0\u00a0\u00a0\u00a0\u00a0 <\/strong><\/p>\n<p class=\"has-medium-font-size\"><strong>Informacja: dnia 10.11.2025 Powiatowy Inspektorat Weterynarii w Gnie\u017anie b\u0119dzie <span style=\"text-decoration: underline;\">nieczynny<\/span>.\u00a0<\/strong><\/p>\n<hr \/><hr \/>\n<p class=\"has-text-align-right has-ast-global-color-0-color has-text-color has-link-color has-medium-font-size\"><strong>Gniezno, 05.11.2025 \u00a0\u00a0\u00a0\u00a0\u00a0\u00a0\u00a0\u00a0 <\/strong><\/p>\n<p class=\"has-medium-font-size\"><strong><a href=\"https:\/\/piw.gniezno.pl\/?page_id=84\">Og\u0142oszenie o potrzebie dokonania wyznacze\u0144 na rok 2026<\/a>\u00a0<\/strong><\/p>\n<hr \/><hr \/>\n<p class=\"has-text-align-right has-ast-global-color-0-color has-text-color has-link-color has-medium-font-size\"><strong style=\"font-size: 16px;\">Gniezno, 04.11.2025\u00a0 \u00a0 \u00a0 \u00a0 \u00a0<\/strong><\/p>\n<div>\n<p class=\"has-medium-font-size\"><a href=\"https:\/\/piw.gniezno.pl\/wp-content\/uploads\/2025\/11\/rozporzadzenie_wojewody_wielkopolskiego_z_31.10.2025_r.pdf\"><strong>ROZPORZ\u0104DZENIE\u00a0 WOJEWODY WIELKOPOLSKIEGO z dnia 31 pa\u017adziernika 2025 r.<br \/>w sprawie przeciwdzia\u0142ania rozprzestrzenianiu si\u0119 wysoce zjadliwej grypy ptak\u00f3w<br \/>(HPAI) oraz rzekomego pomoru drobiu (ND) na terenie wojew\u00f3dztwa wielkopolskiego.<\/strong><\/a><\/p>\n<hr \/>\n<p class=\"has-text-align-right has-ast-global-color-0-color has-text-color has-link-color has-medium-font-size\"><strong>Gniezno, 25.10.2025\u00a0 \u00a0 \u00a0 \u00a0 \u00a0<\/strong><\/p>\n<p class=\"has-medium-font-size\"><a href=\"https:\/\/piw.gniezno.pl\/wp-content\/uploads\/2025\/10\/informacja-do-Kola-lowieckiego-w-sprawie-monitoringu-biernego-HPAI-1.pdf\"><strong>Informacja do K\u00f3\u0142 \u0141owieckich powiatu gnie\u017anie\u0144skiego w sprawie monitoringu biernego HPAI<\/strong><\/a><\/p>\n<hr \/>\n<p class=\"has-text-align-right has-ast-global-color-0-color has-text-color has-link-color has-medium-font-size\"><strong>Gniezno, 21.10.2025 \u00a0\u00a0\u00a0\u00a0\u00a0\u00a0\u00a0\u00a0 <\/strong><\/p>\n<p class=\"has-medium-font-size\"><a href=\"https:\/\/piw.gniezno.pl\/wp-content\/uploads\/2025\/10\/pismo-do-hodowcow-drobiu.pdf\"><strong>Pismo Powiatowego Lekarza Weterynarii w Gnie\u017anie do hodowc\u00f3w drobiu \u2013 link<\/strong><\/a><\/p>\n<hr \/><hr \/>\n<p class=\"has-text-align-right has-ast-global-color-0-color has-text-color has-link-color has-medium-font-size\"><strong>Gniezno, 10.10.2025 \u00a0\u00a0\u00a0\u00a0\u00a0\u00a0\u00a0\u00a0 <\/strong><\/p>\n<p class=\"has-medium-font-size\"><a href=\"https:\/\/piw.gniezno.pl\/wp-content\/uploads\/2025\/10\/Komunikat-.pdf\"><strong>Komunikat Powiatowego Lekarza Weterynarii w Gnie\u017anie<br \/>w zwi\u0105zku z wyst\u0105pieniem ogniska w\u015bcieklizny\u00a0\u2013 link<\/strong><\/a><\/p>\n<hr \/><hr \/>\n<p class=\"has-text-align-right has-ast-global-color-0-color has-text-color has-link-color has-medium-font-size\"><strong>Gniezno, 10.10.2025 \u00a0\u00a0\u00a0\u00a0\u00a0\u00a0\u00a0\u00a0 <\/strong><\/p>\n<p class=\"has-medium-font-size\"><a href=\"http:\/\/piw.gniezno.pl\/wp-content\/uploads\/2025\/10\/Rozporzadzenie_nr4_PIW_Gniezno.pdf\"><strong>ROZPORZ\u0104DZENIE NR 4\/2025 POWIATOWEGO LEKARZA WETERYNARII W GNIE\u0179NIE<br \/>z dnia 9 pa\u017adziernika 2025 r. w sprawie wyznaczenia obszaru zagro\u017conego, nakaz\u00f3w i zakaz\u00f3w na tym terenie oraz jego oznakowania w zwi\u0105zku z wyst\u0105pieniem w\u015bcieklizny na terenie miasta Gniezna \u2013 link<\/strong><\/a><\/p>\n<hr \/><hr \/>\n<p class=\"has-text-align-right has-ast-global-color-0-color has-text-color has-link-color has-medium-font-size\"><strong>Gniezno, 07.10.2025 \u00a0\u00a0\u00a0\u00a0\u00a0\u00a0\u00a0\u00a0 <\/strong><\/p>\n<p class=\"has-medium-font-size\"><strong><a href=\"https:\/\/piw.gniezno.pl\/?page_id=84\" target=\"_blank\" rel=\"noreferrer noopener\">Og\u0142oszenie o potrzebie dokonania wyznacze\u0144<\/a><a href=\"https:\/\/piw.gniezno.pl\/?page_id=84\" target=\"_blank\" rel=\"noreferrer noopener\"> na rok 2025 \u2013 link<\/a><\/strong><\/p>\n<hr \/><hr \/>\n<p class=\"has-text-align-right has-ast-global-color-0-color has-text-color has-link-color has-medium-font-size\"><strong>Gniezno, 25.09.2025 \u00a0\u00a0\u00a0\u00a0\u00a0\u00a0\u00a0\u00a0 <\/strong><\/p>\n<p class=\"has-medium-font-size\"><strong>Pisma G\u0142\u00f3wnego Lekarza Weterynarii dotycz\u0105ce utraty przez Polsk\u0119 statusu kraju wolnego od zaka\u017ce\u0144 HPAI u drobiu.<\/strong><\/p>\n<ul>\n<li class=\"has-medium-font-size\"><a href=\"http:\/\/piw.gniezno.pl\/wp-content\/uploads\/2025\/09\/WChZZ.432.429.2025_pismo-GLW-WIW.pdf\"><strong>Pismo G\u0142\u00f3wnego Lekarza Weterynarii WChZZ.432.429.2025\u00a0<\/strong><\/a><\/li>\n<li class=\"has-medium-font-size\"><a href=\"http:\/\/piw.gniezno.pl\/wp-content\/uploads\/2025\/09\/WChZZ.432.432-2025-Pismo-GLW.pdf\"><strong>Pismo G\u0142\u00f3wnego Lekarza Weterynarii WChZZ.432.432 2025<\/strong><\/a><\/li>\n<\/ul>\n<hr \/>\n<p class=\"has-text-align-right has-ast-global-color-0-color has-text-color has-link-color has-medium-font-size\"><strong>Gniezno, 23.09.2025 \u00a0\u00a0\u00a0\u00a0\u00a0\u00a0\u00a0\u00a0 <\/strong><\/p>\n<p class=\"has-medium-font-size\"><strong>Pismo dotycz\u0105ce publikacji rozporz\u0105dzenia wykonawczego Komisji (UE) 2025\/1924 z dnia 19 wrze\u015bnia 2025 r. zmieniaj\u0105cego za\u0142\u0105cznik I do rozporz\u0105dzenia wykonawczego (UE) 2023\/594 ustanawiaj\u0105cego szczeg\u00f3lne \u015brodki zwalczania afryka\u0144skiego pomoru \u015bwi\u0144.<\/strong><\/p>\n<ul>\n<li class=\"has-medium-font-size\"><a href=\"http:\/\/piw.gniezno.pl\/wp-content\/uploads\/2025\/09\/Hodowcy.pdf\"><strong>Pismo dotycz\u0105ce publikacji rozporz\u0105dzenia wykonawczego Komisji (UE) 2025\/1924<\/strong><\/a><\/li>\n<li class=\"has-medium-font-size\"><a href=\"https:\/\/eur-lex.europa.eu\/legal-content\/PL\/TXT\/PDF\/?uri=OJ:L_202501924\"><strong>ROZPORZ\u0104DZENIE WYKONAWCZE KOMISJI (UE) 2025\/1924\u00a0<\/strong><\/a><\/li>\n<\/ul>\n<hr \/><hr \/>\n<p class=\"has-text-align-right has-ast-global-color-0-color has-text-color has-link-color has-medium-font-size\"><strong>Gniezno, 05.09.2025 \u00a0\u00a0\u00a0\u00a0\u00a0\u00a0\u00a0\u00a0 <\/strong><\/p>\n<p class=\"has-medium-font-size\"><strong><a href=\"https:\/\/piw.gniezno.pl\/?page_id=84\" target=\"_blank\" rel=\"noreferrer noopener\">Og\u0142oszenie o potrzebie dokonania wyznacze\u0144<\/a><a href=\"https:\/\/piw.gniezno.pl\/?page_id=84\" target=\"_blank\" rel=\"noreferrer noopener\"> na rok 2025 \u2013 link<\/a><\/strong><\/p>\n<hr \/><hr \/>\n<p class=\"has-text-align-right has-ast-global-color-0-color has-text-color has-link-color has-medium-font-size\"><strong>Gniezno, 05.08.2025 \u00a0\u00a0\u00a0\u00a0\u00a0\u00a0\u00a0\u00a0 <\/strong><\/p>\n<p class=\"has-medium-font-size\"><strong><a href=\"https:\/\/piw.gniezno.pl\/?page_id=84\" target=\"_blank\" rel=\"noreferrer noopener\">Og\u0142oszenie o potrzebie dokonania wyznacze\u0144<\/a><a href=\"https:\/\/piw.gniezno.pl\/?page_id=84\" target=\"_blank\" rel=\"noreferrer noopener\"> na rok 2025 \u2013 link<\/a><\/strong><\/p>\n<hr \/><hr \/>\n<h5 style=\"text-align: right;\">Gniezno, 25.07.2025\u00a0 \u00a0 \u00a0 \u00a0 \u00a0 \u00a0<\/h5>\n<h5><a href=\"https:\/\/piw.gniezno.pl\/wp-content\/uploads\/2025\/07\/Pismo-PLW-do-Przewoznikow.pdf\" target=\"_blank\" rel=\"noopener\"><strong>Przewo\u017anicy zwierz\u0105t powiatu gnie\u017anie\u0144skiego -pismo<\/strong><\/a><\/h5>\n<hr \/><hr \/>\n<p class=\"has-text-align-right has-ast-global-color-0-color has-text-color has-link-color has-medium-font-size\"><strong>Gniezno, 07.07.2025 \u00a0\u00a0\u00a0\u00a0\u00a0\u00a0\u00a0\u00a0 <\/strong><\/p>\n<p class=\"has-medium-font-size\"><strong><a href=\"https:\/\/piw.gniezno.pl\/?page_id=84\" target=\"_blank\" rel=\"noreferrer noopener\">Og\u0142oszenie o potrzebie dokonania wyznacze\u0144<\/a><a href=\"https:\/\/piw.gniezno.pl\/?page_id=84\" target=\"_blank\" rel=\"noreferrer noopener\"> na rok 2025 \u2013 link<\/a><\/strong><\/p>\n<hr \/><\/div>\n<h5 style=\"text-align: right;\">Gniezno, 02.07.2025\u00a0\u00a0\u00a0\u00a0\u00a0\u00a0\u00a0\u00a0\u00a0<\/h5>\n<h5><a href=\"https:\/\/piw.gniezno.pl\/wp-content\/uploads\/2025\/07\/Pismo-LSD.pdf\" target=\"_blank\" rel=\"noopener\"><strong>Hodowcy, Przewo\u017anicy, Po\u015brednicy w obrocie zwierz\u0105t powiatu gnie\u017anie\u0144skiego &#8211;\u00a0<\/strong><\/a><\/h5>\n<h5><a href=\"https:\/\/piw.gniezno.pl\/wp-content\/uploads\/2025\/07\/Pismo-LSD.pdf\" target=\"_blank\" rel=\"noopener\"><strong>Komunikat w zwi\u0105zku z wyst\u0105pieniem nowych ognisk LSD we W\u0142oszech &#8211; link<\/strong><\/a><\/h5>\n<hr \/><hr \/>\n<h5><a href=\"https:\/\/piw.gniezno.pl\/wp-content\/uploads\/2025\/07\/pismo-dla-przewoznikow.pdf\" target=\"_blank\" rel=\"noopener\">Uwaga- Przewo\u017anicy wysokie temperatury s\u0105 zagro\u017ceniem dla zwierz\u0105t podczas transportu- link<\/a><\/h5>\n<hr \/><hr \/>\n<h5><a href=\"https:\/\/piw.gniezno.pl\/wp-content\/uploads\/2025\/06\/PISMO-UG.pdf\" target=\"_blank\" rel=\"noopener\">Panie i Panowie Burmistrzowie i W\u00f3jtowie gmin w powiecie gnie\u017anie\u0144skim &#8211; obowi\u0105zek szczepienia ps\u00f3w &#8211; link<\/a><\/h5>\n<hr \/><hr \/>\n<p class=\"has-text-align-right has-ast-global-color-0-color has-text-color has-link-color has-medium-font-size\"><strong>Gniezno, 03.06.2025 \u00a0\u00a0\u00a0\u00a0\u00a0\u00a0\u00a0\u00a0 <\/strong><\/p>\n<p class=\"has-medium-font-size\"><strong><a href=\"https:\/\/piw.gniezno.pl\/?page_id=84\" target=\"_blank\" rel=\"noreferrer noopener\">Og\u0142oszenie o potrzebie dokonania wyznacze\u0144<\/a><a href=\"https:\/\/piw.gniezno.pl\/?page_id=84\" target=\"_blank\" rel=\"noreferrer noopener\"> na rok 2025 \u2013 link<\/a><\/strong><\/p>\n<hr \/>\n<h5><a href=\"https:\/\/piw.gniezno.pl\/wp-content\/uploads\/2025\/05\/Hodowcy-przezuwaczy-apel-w-sprawie-zagrozenia-pryszczyca_0001.pdf\" target=\"_blank\" rel=\"noopener\">Powiatowy Lekarz Weterynarii w Gnie\u017anie przesy\u0142a apel G\u0142\u00f3wnego Lekarza Weterynarii w sprawie zagro\u017cenia pryszczyc\u0105 w zwi\u0105zku w rozpoczynaj\u0105cym si\u0119 wiosennym redykiem owiec &#8211; link<\/a><\/h5>\n<hr \/>\n<h5>W zwi\u0105zku z wyst\u0119powaniem choroby niebieskiego j\u0119zyka (BT) w Polsce, na terytorium kraju zosta\u0142y wyznaczone obszary, kt\u00f3re nie s\u0105 wolne od zaka\u017cenia BTV ani nie s\u0105 obj\u0119te programem likwidacji zaka\u017cenia BTV (zgodnie z rozporz\u0105dzeniem delegowanym Komisji (UE) 2020\/689).<\/h5>\n<h5>Mapa ognisk BT w Polsce oraz aktualny zasi\u0119g obszar\u00f3w, kt\u00f3re nie s\u0105 wolne od zaka\u017cenia BTV ani nie s\u0105 obj\u0119te programem likwidacji zaka\u017cenia BTV<\/h5>\n<h5><a class=\"gwp7d738df8_moz-txt-link-freetext\" href=\"https:\/\/bip.wetgiw.gov.pl\/bt\/mapa\/\" target=\"_blank\" rel=\"noopener\" data-saferedirecturl=\"https:\/\/zasobygwp.pl\/redirect?sig=e68f1488402fbeef083289e5ee8e05fdc39191ea5187b90095104b4d80edc850&amp;url=aHR0cHM6Ly9iaXAud2V0Z2l3Lmdvdi5wbC9idC9tYXBhLw==&amp;platform=desktop&amp;brand=wp\">https:\/\/bip.wetgiw.gov.pl\/bt\/mapa\/<\/a><\/h5>\n<hr \/><hr \/>\n<p class=\"has-text-align-right has-ast-global-color-0-color has-text-color has-link-color has-medium-font-size\"><strong>Gniezno, 29.04.2025 \u00a0\u00a0\u00a0\u00a0\u00a0\u00a0\u00a0\u00a0 <\/strong><\/p>\n<p class=\"has-medium-font-size\"><strong><a href=\"https:\/\/piw.gniezno.pl\/?page_id=84\" target=\"_blank\" rel=\"noreferrer noopener\">Og\u0142oszenie o potrzebie dokonania wyznacze\u0144<\/a><a href=\"https:\/\/piw.gniezno.pl\/?page_id=84\" target=\"_blank\" rel=\"noreferrer noopener\"> na rok 2025 &#8211; link<\/a><\/strong><\/p>\n<hr \/>\n<h5>\u00a0<\/h5>\n<h5><a href=\"https:\/\/piw.gniezno.pl\/wp-content\/uploads\/2025\/04\/PRAKTYCZNY-PRZEWODNIK-BIOASEKURACJI.pdf\" target=\"_blank\" rel=\"noopener\">Praktyczny przewodnik bioasekuracji &#8211; link<\/a><\/h5>\n<hr \/><hr \/>\n<h5 class=\"css-3mtcsu\"><b>W zwi\u0105zku ze stwierdzaniem obecno\u015bci wirusa ptasiej grypy u ptactwa wodnego na jeziorze w gminie Kiszkowo Powiatowy Lekarz Weterynarii w Gnie\u017anie apeluje o rygorystycznym przestrzeganiu zasad bioasekuracji<\/b><b>, w tym w szczeg\u00f3lno\u015bci ochrony utrzymywanego drobiu przed kontaktem z dzikimi ptakami w celu ochrony ich przed zaka\u017ceniem<\/b><b>.<\/b><\/h5>\n<div class=\"css-3mtcsu\"><hr \/><hr \/><br \/>\n<div class=\"e1gtaacy2 css-1d3aqsf\">\n<div class=\"css-19ze4mr e1gtaacy0\">\n<h5><a href=\"https:\/\/piw.gniezno.pl\/wp-content\/uploads\/2025\/04\/Ulotka_pryszczyca.pdf\" target=\"_blank\" rel=\"noopener\">Pryszczyca &#8211; ulotka<\/a><\/h5>\n<h5><a href=\"https:\/\/piw.gniezno.pl\/wp-content\/uploads\/2025\/04\/ulotka-FMD.png\" target=\"_blank\" rel=\"noopener\">Pryszczyca FMD ulotka<\/a><\/h5>\n<h5><a href=\"https:\/\/piw.gniezno.pl\/wp-content\/uploads\/2025\/04\/pryszczyca.pdf\" target=\"_blank\" rel=\"noopener\">Pryszczyca &#8211; prezentacja<\/a><\/h5>\n<hr \/><hr \/><hr \/>\n<p class=\"has-text-align-right has-ast-global-color-0-color has-text-color has-link-color has-medium-font-size\"><strong>Gniezno, 3.04.2025 \u00a0\u00a0\u00a0\u00a0\u00a0\u00a0\u00a0\u00a0 <\/strong><\/p>\n<p class=\"has-medium-font-size\"><strong><a href=\"https:\/\/piw.gniezno.pl\/?page_id=84\" target=\"_blank\" rel=\"noreferrer noopener\">Og\u0142oszenie o potrzebie dokonania wyznacze\u0144<\/a><a href=\"https:\/\/piw.gniezno.pl\/?page_id=84\" target=\"_blank\" rel=\"noreferrer noopener\"> na rok 2025 &#8211; link<\/a><\/strong><\/p>\n<hr \/><hr \/><hr \/>\n<h5 style=\"text-align: right;\">Gniezno, 03.04.2025\u00a0\u00a0\u00a0\u00a0\u00a0\u00a0<\/h5>\n<h5><a href=\"https:\/\/piw.gniezno.pl\/wp-content\/uploads\/2025\/04\/ulotka-pryszczyca-FMD.pdf\" target=\"_blank\" rel=\"noopener\"><strong>Informacja G\u0142\u00f3wnego Lekarza Weterynarii dla posiadaczy byd\u0142a, k\u00f3z, owiec, \u015bwi\u0144 oraz innych zwierz\u0105t parzystokopytnych na temat PRYSZCZYCY &#8211; link<\/strong><\/a><\/h5>\n<div id=\"gwp13fca8ba\">\n<div id=\"gwp13fca8bah\"><hr \/><hr \/><hr \/>\n<h5 style=\"text-align: right;\">Gniezno, 13.03.2025\u00a0\u00a0\u00a0\u00a0\u00a0\u00a0\u00a0\u00a0\u00a0<\/h5>\n<h5><strong>Przewo\u017anicy, po\u015brednicy w obrocie zwierz\u0105t powiatu gnie\u017anie\u0144skiego &#8211;\u00a0<br \/><a href=\"http:\/\/piw.gniezno.pl\/wp-content\/uploads\/2025\/03\/pismo.pdf\" target=\"_blank\" rel=\"noopener\">Komunikat w zwi\u0105zku z wyst\u0105pieniem ogniska pryszczycy na W\u0119grzech &#8211; link<\/a><\/strong><\/h5>\n<hr \/><hr \/>\n<h5><strong>Wszyscy hodowcy, przewo\u017anicy, po\u015brednicy powiatu gnie\u017anie\u0144skiego &#8211;\u00a0<br \/><a href=\"https:\/\/piw.gniezno.pl\/?page_id=544\" target=\"_blank\" rel=\"noopener\">Komunikat w zwi\u0105zku z wyst\u0105pieniem ogniska pryszczycy w Niemczech &#8211; link<\/a><br \/><\/strong><\/h5>\n<hr \/>\n<div class=\"gwp13fca8bab\" data-message-body=\"true\">\n<p class=\"has-text-align-right has-ast-global-color-0-color has-text-color has-link-color has-medium-font-size\"><strong>Gniezno, 13.11.2024\u00a0\u00a0\u00a0\u00a0\u00a0\u00a0\u00a0\u00a0\u00a0 <\/strong><\/p>\n<p class=\"has-medium-font-size\"><strong><a href=\"https:\/\/piw.gniezno.pl\/?page_id=84\" target=\"_blank\" rel=\"noreferrer noopener\">Og\u0142oszenie o potrzebie dokonania wyznacze\u0144<\/a><a href=\"https:\/\/piw.gniezno.pl\/?page_id=84\" target=\"_blank\" rel=\"noreferrer noopener\"> na rok 2025 &#8211; link<\/a><\/strong><\/p>\n<hr \/><hr \/>\n<p><strong>Zagro\u017cenia wyst\u0105pienia BTV w Polsce.<\/strong><\/p>\n<p>Maj\u0105c na uwadze dynamiczn\u0105 sytuacj\u0119 epidemiologiczn\u0105 w odniesieniu do choroby niebieskiego j\u0119zyka (BTV) w Europie i zagro\u017cenie wyst\u0105pieniem zaka\u017ce\u0144 zwierz\u0105t w Polsce, Powiatowy Lekarz Weterynarii w Gnie\u017anie zwraca si\u0119 z pro\u015bb\u0105 do podmiot\u00f3w o zapoznanie si\u0119 z informacjami dotycz\u0105cymi tej choroby. <br \/>Przypominamy r\u00f3wnie\u017c, \u017ce niezw\u0142oczne poinformowanie powiatowego lekarza weterynarii, najbli\u017cszy podmiot \u015bwiadcz\u0105cy us\u0142ugi lekarsko \u2013 weterynaryjne\u00a0 b\u0105d\u017a w\u00f3jta, burmistrza lub prezydenta miasta o ka\u017cdym podejrzeniu wyst\u0105pienia choroby jest obowi\u0105zkiem ustawowym.<\/p>\n<p>Informacja o objawach jest dost\u0119pna na stronie G\u0142\u00f3wnego Inspektoratu Weterynarii pod linkiem:<\/p>\n<p><a href=\"https:\/\/www.wetgiw.gov.pl\/nadzor-weterynaryjny\/o-chorobie-niebieskiego-jezyka\" target=\"_blank\" rel=\"noopener noreferrer\" data-saferedirecturl=\"https:\/\/zasobygwp.pl\/redirect?sig=244de7ae80eef29595e73d109b014ae5eddf67a24f5befdcf873b66f5534f719&amp;url=aHR0cHM6Ly93d3cud2V0Z2l3Lmdvdi5wbC9uYWR6b3Itd2V0ZXJ5bmFyeWpueS9vLWNob3JvYmllLW5pZWJpZXNraWVnby1qZXp5a2E=&amp;platform=desktop&amp;brand=wp\">O chorobie niebieskiego j\u0119zyka | G\u0142\u00f3wny Inspektorat Weterynarii (wetgiw.gov.pl)<\/a><\/p>\n<p>Ponadto, dost\u0119pna jest informacja o zasadach ochrony zwierz\u0105t przed chorob\u0105:<\/p>\n<p><a href=\"https:\/\/www.wetgiw.gov.pl\/nadzor-weterynaryjny\/zasady-ochrony-przezuwaczy-przed-choroba\" target=\"_blank\" rel=\"noopener noreferrer\" data-saferedirecturl=\"https:\/\/zasobygwp.pl\/redirect?sig=7a75ef86b50c81a3224470dd049e36e0eb91b8338263e0fd40c7de23f086243d&amp;url=aHR0cHM6Ly93d3cud2V0Z2l3Lmdvdi5wbC9uYWR6b3Itd2V0ZXJ5bmFyeWpueS96YXNhZHktb2Nocm9ueS1wcnplenV3YWN6eS1wcnplZC1jaG9yb2Jh&amp;platform=desktop&amp;brand=wp\">Zasady ochrony prze\u017cuwaczy przed chorob\u0105 | G\u0142\u00f3wny Inspektorat Weterynarii (wetgiw.gov.pl)<\/a><\/p>\n<\/div>\n<\/div>\n<\/div>\n<\/div>\n<\/div>\n<\/div>\n<hr \/><hr \/>\n<h6>\u00a0<\/h6>\n<h6><a href=\"http:\/\/piw.gniezno.pl\/wp-content\/uploads\/2024\/10\/choroba-niebieskiego-jezyka.pdf\" target=\"_blank\" rel=\"noopener\">Informacja dla hodowc\u00f3w i podmiot\u00f3w zajmuj\u0105cych si\u0119 obrotem byd\u0142a &#8211; choroba niebieskiego j\u0119zyka &#8211; link<\/a><\/h6>\n<hr \/>\n<figure class=\"wp-block-image alignwide size-large\">Powiatowy Lekarz Weterynarii w Gnie\u017anie w zwi\u0105zku ze stwierdzeniem w dniu 17 wrze\u015bnia 2024 r. choroby wysoce zjadliwej grypy ptak\u00f3w (HPAI) u dzikich ptak\u00f3w (1 g\u0119si zbo\u017cowej oraz 5 \u0142ab\u0119dzi niemych) znalezionych przy linii brzegowej Staw\u00f3w Kiszkowskich na terenie m. Myszki, 62-280 Kiszkowo przypomina o konieczno\u015bci stosowania zasad bioasekuracji okre\u015blonych w rozporz\u0105dzeniu Ministra Rolnictwa i Rozwoju Wsi z dnia 6 kwietnia 2022 r. w sprawie zarz\u0105dzenia \u015brodk\u00f3w zwi\u0105zanych z wyst\u0105pieniem wysoce zjadliwej grypy ptak\u00f3w (Dz.U. 2022 poz. 768 z p\u00f3zn. zm.).\n<p class=\"gwp3bacba95_MsoNormal\">Poni\u017cej zamieszczono link do strony G\u0142\u00f3wnego Lekarza Weterynarii w sprawie zalece\u0144 dotycz\u0105cych podstawowych zasad bioasekuracji dla hodowc\u00f3w drobiu.<\/p>\n<a class=\"gwp3bacba95_moz-txt-link-freetext\" href=\"https:\/\/www.wetgiw.gov.pl\/nadzor-weterynaryjny\/zasady-ochrony-drobiu-przed-grypa-ptakow\" target=\"_blank\" rel=\"noopener noreferrer\" data-saferedirecturl=\"https:\/\/zasobygwp.pl\/redirect?sig=571e0c0735d609e8231b13d13264ef305ab8518a6cfb4382831da684ec05c5f4&amp;url=aHR0cHM6Ly93d3cud2V0Z2l3Lmdvdi5wbC9uYWR6b3Itd2V0ZXJ5bmFyeWpueS96YXNhZHktb2Nocm9ueS1kcm9iaXUtcHJ6ZWQtZ3J5cGEtcHRha293&amp;platform=desktop&amp;brand=wp\">https:\/\/www.wetgiw.gov.pl\/nadzor-weterynaryjny\/zasady-ochrony-drobiu-przed-grypa-ptakow<\/a><\/figure>\n<h5>\u00a0<\/h5>\n<hr \/>\n<h5 class=\"gwp7f93ca0b_main-content-title\"><a href=\"http:\/\/piw.gniezno.pl\/wp-content\/uploads\/2024\/09\/rozporzadzenie_wojewody_wielkopolskiego_z_06.09.2024.pdf\" target=\"_blank\" rel=\"noopener\">Rozporz\u0105dzenie Wojewody Wielkopolskiego z dnia 6 wrze\u015bnia 2024 r. uchylaj\u0105ce rozporz\u0105dzenie w sprawie zwalczania afryka\u0144skiego pomoru \u015bwi\u0144 na terenie powiatu gnie\u017anie\u0144skiego, pozna\u0144skiego i w\u0105growieckiego &#8211; link<\/a><\/h5>\n<hr \/>\n<h5><a href=\"http:\/\/piw.gniezno.pl\/wp-content\/uploads\/2024\/08\/BTV-HODOWCY-PRZEZUWACZY.pdf\" target=\"_blank\" rel=\"noopener\">Uwaga &#8211; Hodowcy prze\u017cuwaczy powiatu gnie\u017anie\u0144skiego &#8211; link<\/a><\/h5>\n<hr \/>\n<h5><a href=\"http:\/\/piw.gniezno.pl\/wp-content\/uploads\/2024\/08\/HPAI-HODOWCY-DROBIU.pdf\" target=\"_blank\" rel=\"noopener\">Uwaga &#8211; Hodowcy drobiu powiatu gnie\u017anie\u0144skiego &#8211; link<\/a><\/h5>\n<hr \/>\n<h5><a href=\"http:\/\/piw.gniezno.pl\/wp-content\/uploads\/2024\/08\/pismo-PLW.pdf\" target=\"_blank\" rel=\"noopener\">Informacja o wyst\u0119powanie afryka\u0144skiego pomoru \u015bwi\u0144 (ASF) na terenie powiatu gnie\u017anie\u0144skiego<\/a><\/h5>\n<hr \/>\n<p><a href=\"http:\/\/piw.gniezno.pl\/wp-content\/uploads\/2024\/08\/Procedura-.pdf\" target=\"_blank\" rel=\"noopener\"><strong>ZASADY POST\u0118POWANIA DLA OS\u00d3B ZAWODOWO ZWI\u0104ZANYCH Z EKSPOZYCJ\u0104 NA PTAKI DZIKIE W PRZYPADKU PODEJRZENIA LUB POTWIERDZENIA W<\/strong><strong>YST\u0104PIENIA ZAKA\u017bE\u0143 WIRUSAMI GRYPY PTAK\u00d3W U PTAK\u00d3W DZIKICH PRZY MASOWYCH PADNI\u0118CIACH PTAK\u00d3W DZIKICH W KOLONIACH<\/strong><\/a><\/p>\n<hr \/>\n<p class=\"has-text-align-right has-ast-global-color-0-color has-text-color has-link-color has-medium-font-size\"><strong>Gniezno, 21.08.2024\u00a0\u00a0\u00a0\u00a0\u00a0\u00a0\u00a0\u00a0\u00a0 <\/strong><\/p>\n<p><\/p>\n<p class=\"has-medium-font-size\"><strong><a href=\"https:\/\/piw.gniezno.pl\/?page_id=84\" target=\"_blank\" rel=\"noreferrer noopener\">Og\u0142oszenie o potrzebie dokonania wyznacze\u0144<\/a> <a href=\"https:\/\/piw.gniezno.pl\/?page_id=84\" target=\"_blank\" rel=\"noreferrer noopener\">na rok 2024 &#8211; link<\/a>\u00a0 <\/strong><\/p>\n<hr \/>\n<h5 class=\"gwp7f93ca0b_main-content-title\"><a href=\"http:\/\/piw.gniezno.pl\/wp-content\/uploads\/2024\/08\/rozporzadzenie_wojewody_wielkopolskiego_z_dnia_06.08.2024.pdf\" target=\"_blank\" rel=\"noopener\">Rozporz\u0105dzenie Wojewody Wielkopolskiego z dnia 6 sierpnia 2024 r. w sprawie zwalczania afryka\u0144skiego pomoru \u015bwi\u0144 na terenie powiatu gnie\u017anie\u0144skiego, pozna\u0144skiego i w\u0105growieckiego &#8211; link<\/a><\/h5>\n<hr \/>\n<h5><a href=\"http:\/\/piw.gniezno.pl\/wp-content\/uploads\/2024\/08\/Rozporzadzenie_wojewody_wielkopolskiego_z_dnia_02.08.2024_r._.pdf\" target=\"_blank\" rel=\"noopener\">Rozporz\u0105dzenie Wojewody Wielkopolskiego z dnia 2 sierpnia 2024 r. zmieniaj\u0105ce rozporz\u0105dzenie w sprawie zwalczania afryka\u0144skiego pomoru \u015bwi\u0144 na terenie powiatu gnie\u017anie\u0144skiego, pozna\u0144skiego i w\u0105growieckiego &#8211; link<\/a><\/h5>\n<hr \/>\n<h5><a href=\"http:\/\/piw.gniezno.pl\/wp-content\/uploads\/2024\/08\/rozporzadzenie_wojewody_wielkopolskiego_z_dnia_16_lipca_2024_r._w_sprawie_zwalczania_afrykanskiego_pomoru_swin_na_terenie_powiatu_gnieznienskiego_poznanskiego_i_wagrowieckiego.pdf\" target=\"_blank\" rel=\"noopener\">ROZPORZ\u0104DZENIE WOJEWODY WIELKOPOLSKIEGO z dnia 16 lipca 2024 r. &#8211; link<\/a><br \/>w sprawie zwalczania afryka\u0144skiego pomoru \u015bwi\u0144 na terenie powiatu gnie\u017anie\u0144skiego, pozna\u0144skiego i w\u0105growieckiego<\/h5>\n<hr \/>\n<h5><a href=\"http:\/\/piw.gniezno.pl\/wp-content\/uploads\/2024\/08\/rozp._zmieniajace_ww_z_05.07.2.pdf\">Rozporz\u0105dzenie\u00a0Wojewody Wielkopolskiego z dnia 22 lipca 2024 r. zmieniaj\u0105ce rozporz\u0105dzenie w sprawie zwalczania afryka\u0144skiego pomoru \u015bwi\u0144 na terenie powiatu gnie\u017anie\u0144skiego, pozna\u0144skiego i w\u0105growieckiego &#8211; link<\/a><\/h5>\n<hr \/>\n<h5><a href=\"http:\/\/piw.gniezno.pl\/wp-content\/uploads\/2024\/07\/IMG_0001.pdf\" target=\"_blank\" rel=\"noopener\">Komunikat Powiatowego Lekarza Weterynarii w Gnie\u017anie z dnia 12 lipca 2024r. &#8211; link<\/a><\/h5>\n<hr \/>\n<h5 class=\"gwpe5c38178_MsoNormal\">Szanowni Pa\u0144stwo,<\/h5>\n<h5 class=\"gwpe5c38178_MsoNormal\">Przesy\u0142am informacj\u0119 otrzyman\u0105 z Wielkopolskiego Urz\u0119du Wojew\u00f3dzkiego o podpisaniu:<\/h5>\n<h5 class=\"gwpe5c38178_MsoNormal\">1. Rozporz\u0105dzenia Wojewody Wielkopolskiego z dnia 12 lipca 2024 r. w sprawie zwalczania afryka\u0144skiego pomoru \u015bwi\u0144 na terenie powiatu obornickiego, w\u0105growieckiego, pozna\u0144skiego, czarnkowsko-trzcianeckiego, chodzieskiego i gnie\u017anie\u0144skiego;<\/h5>\n<h5 class=\"gwpe5c38178_MsoNormal\">2. Rozporz\u0105dzenia Wojewody Wielkopolskiego z dnia 12 lipca 2024 r. zmieniaj\u0105ce rozporz\u0105dzenie w sprawie zwalczania afryka\u0144skiego pomoru \u015bwi\u0144 na terenie powiatu gnie\u017anie\u0144skiego, pozna\u0144skiego i w\u0105growieckiego.<\/h5>\n<h5 class=\"gwpe5c38178_MsoNormal\">Rozporz\u0105dzenia zosta\u0142y r\u00f3wnie\u017c przekazane do publikacji w Dzienniku Urz\u0119dowym.<\/h5>\n<h5 class=\"gwpe5c38178_MsoNormal\">Dziennik Urz\u0119dowy:<br \/><a class=\"gwpe5c38178_moz-txt-link-freetext\" href=\"http:\/\/edziennik.poznan.uw.gov.pl\/actbymonths\" target=\"_blank\" rel=\"noopener noreferrer\" data-saferedirecturl=\"https:\/\/zasobygwp.pl\/redirect?sig=60f637d0444e84fadd83bb86ad8578cb4612574c413004629ce1a2b35b1e2129&amp;url=aHR0cDovL2Vkemllbm5pay5wb3puYW4udXcuZ292LnBsL2FjdGJ5bW9udGhz&amp;platform=desktop&amp;brand=wp\">http:\/\/edziennik.poznan.uw.gov.pl\/actbymonths<\/a><br \/>Strona www Urz\u0119du:<br \/><a class=\"gwpe5c38178_moz-txt-link-freetext\" href=\"https:\/\/www.poznan.uw.gov.pl\/rozporzadzenia-wojewody\" target=\"_blank\" rel=\"noopener noreferrer\" data-saferedirecturl=\"https:\/\/zasobygwp.pl\/redirect?sig=7661aa995c64187a89effdc9cc67bd6346be29d441eff0e900321794a508637d&amp;url=aHR0cHM6Ly93d3cucG96bmFuLnV3Lmdvdi5wbC9yb3pwb3J6YWR6ZW5pYS13b2pld29keQ==&amp;platform=desktop&amp;brand=wp\">https:\/\/www.poznan.uw.gov.pl\/rozporzadzenia-wojewody<\/a><\/h5>\n<hr \/>\n<h5><a href=\"https:\/\/www.wetgiw.gov.pl\/nadzor-weterynaryjny\/przepisy-prawne\" target=\"_blank\" rel=\"noopener\">Przepisy prawne dotycz\u0105ce ASF &#8211; link<\/a><\/h5>\n<hr \/>\n<h5 class=\"gwp12997862_main-content-title\"><a href=\"https:\/\/www.poznan.uw.gov.pl\/rozporzadzenie-wojewody-wielkopolskiego-z-dnia-5-lipca-2024-r-w-sprawie-zwalczania-afrykanskiego\" target=\"_blank\" rel=\"noopener\">Rozporz\u0105dzenie Wojewody Wielkopolskiego z dnia 5 lipca 2024 r. w sprawie zwalczania afryka\u0144skiego pomoru \u015bwi\u0144 na terenie powiatu gnie\u017anie\u0144skiego, pozna\u0144skiego i w\u0105growieckiego &#8211; link<\/a><\/h5>\n<hr \/>\n<h5><strong><a href=\"http:\/\/piw.gniezno.pl\/wp-content\/uploads\/2024\/06\/IMG_0001.pdf\" target=\"_blank\" rel=\"noreferrer noopener\">Przewo\u017anicy zwierz\u0105t- przypomnienie o zasadach transportu zwierz\u0105t &#8211; link<\/a><\/strong><\/h5>\n<p><\/p>\n<hr class=\"wp-block-separator has-alpha-channel-opacity is-style-wide\" \/>\n<p><\/p>\n<p class=\"has-text-align-right has-ast-global-color-0-color has-text-color has-link-color has-medium-font-size wp-elements-c14ad3003dd2ec2efa04a188c8fea55c\"><strong>Gniezno, 29.05.2024 <\/strong><\/p>\n<p><\/p>\n<p class=\"has-medium-font-size\"><strong><a href=\"https:\/\/piw.gniezno.pl\/?page_id=84\" target=\"_blank\" rel=\"noreferrer noopener\">Og\u0142oszenie o potrzebie dokonania <\/a>wyznacze\u0144 <a href=\"https:\/\/piw.gniezno.pl\/?page_id=84\" target=\"_blank\" rel=\"noreferrer noopener\">na rok 2024<\/a>&#8211; link <\/strong><\/p>\n<p><\/p>\n<hr class=\"wp-block-separator has-alpha-channel-opacity is-style-wide\" \/>\n<p><\/p>\n<p class=\"has-text-align-right has-ast-global-color-0-color has-text-color has-link-color has-medium-font-size wp-elements-72b66256a2037aaa049e4c580a802698\"><strong>Gniezno, 21.03.2024 <\/strong><\/p>\n<p><\/p>\n<p class=\"has-medium-font-size\"><strong><a href=\"https:\/\/piw.gniezno.pl\/?page_id=84\" target=\"_blank\" rel=\"noreferrer noopener\">Og\u0142oszenie o potrzebie dokonania wyznacze\u0144 na rok 2024<\/a>&#8211; link <\/strong><\/p>\n<p><\/p>\n<hr class=\"wp-block-separator has-alpha-channel-opacity is-style-wide\" \/>\n<p><\/p>\n<p><a href=\"https:\/\/piw.gniezno.pl\/?page_id=15\" target=\"_blank\" rel=\"noreferrer noopener\"><strong>Uwaga &#8211; zmiana godzin pracy urz\u0119du <\/strong><\/a><\/p>\n<p><\/p>\n<hr class=\"wp-block-separator has-alpha-channel-opacity is-style-wide\" \/>\n<p><\/p>\n<p class=\"has-text-align-right\"><strong>Gniezno 14.11.2023<\/strong><\/p>\n<p><\/p>\n<p><strong><a href=\"https:\/\/piw.gniezno.pl\/?page_id=84\" target=\"_blank\" rel=\"noreferrer noopener\">Og\u0142oszenie o potrzebie dokonania wyznacze\u0144 na rok 2024<\/a><\/strong><\/p>\n<p><\/p>\n<hr class=\"wp-block-separator has-alpha-channel-opacity is-style-wide\" \/>\n<p><\/p>\n<p class=\"has-text-align-right\"><strong>Gniezno 6.10.2023<\/strong><\/p>\n<p><\/p>\n<p><strong><a href=\"http:\/\/www.piw.gniezno.pl\/container\/2023e\/Skan%20owce-kozy-0001.pdf\" target=\"_blank\" rel=\"noreferrer noopener\">Hodowcy owiec i k\u00f3z z powiatu gnie\u017anie\u0144skiego &#8211; zalecenia.pdf<\/a><\/strong><\/p>\n<p><\/p>\n<hr class=\"wp-block-separator has-alpha-channel-opacity is-style-wide\" \/>\n<p><\/p>\n<hr class=\"wp-block-separator has-alpha-channel-opacity is-style-wide\" \/>\n<p><\/p>\n<p class=\"has-text-align-right\"><strong>Gniezno 21.08.2023<\/strong><\/p>\n<p><\/p>\n<p><a href=\"http:\/\/www.piw.gniezno.pl\/container\/2023d\/OBGRYZANIE%20OGONOW%20U%20SWIN%20ANALIZA%20RYZYKA%20-%20WYTYCZNE%20GLOWNEGO%20LEKARZA%20WETERYNARII.pdf\" target=\"_blank\" rel=\"noreferrer noopener\"><strong>Wytyczne G\u0142\u00f3wnego Lekarza Weterynarii dotycz\u0105ce obgryzania ogon\u00f3w u \u015bwi\u0144<\/strong><\/a><\/p>\n<p><\/p>\n<p><a href=\"http:\/\/www.piw.gniezno.pl\/container\/2023d\/MATERIALY%20WZBOGACAJACE%20SRODOWISKO%20DLA%20SWIN%20-%20WYTYCZNE%20GLOWNEGO%20LEKARZA%20WETERYNARII.pdf\" target=\"_blank\" rel=\"noreferrer noopener\"><strong>oraz<\/strong> <strong>stosowania materia\u0142\u00f3w wzbogacaj\u0105cych \u015brodowisko dla \u015bwi\u0144 &#8211; link<\/strong><\/a><\/p>\n<p><\/p>\n<hr class=\"wp-block-separator has-alpha-channel-opacity is-style-wide\" \/>\n<p><\/p>\n<p><strong>Rozporz\u0105dzenie nr 2\/2023 Powiatowego Lekarza Weterynarii w Gnie\u017anie z dnia 31 maja 2023 r. w sprawie wyznaczenia strefy obj\u0119tej zaka\u017ceniem w zwi\u0105zku z\u00a0wyst\u0105pieniem wysoce zjadliwej grypy ptak\u00f3w (HPAI) u\u00a0ptak\u00f3w dzikich na terenie powiatu gnie\u017anie\u0144skiego &#8211; <a href=\"https:\/\/edziennik.poznan.uw.gov.pl\/legalact\/2023\/5771\/\" target=\"_blank\" rel=\"noreferrer noopener\">link<\/a><\/strong><\/p>\n<p><\/p>\n<hr class=\"wp-block-separator has-alpha-channel-opacity is-style-wide\" \/>\n<p><\/p>\n<p><strong><a href=\"http:\/\/www.piw.gniezno.pl\/container\/2023a\/230417-MRiRW-Polska%20wies%20to%20przyszlosc-plakat-A3-print.pdf\" target=\"_blank\" rel=\"noreferrer noopener\">Polska wie\u015b to przysz\u0142o\u015b\u0107\u00a0 &#8211; plakat.pdf\u00a0 \u00a0<\/a> \u00a0 \u00a0 \u00a0 \u00a0 \u00a0 \u00a0 \u00a0 \u00a0 \u00a0 \u00a0 \u00a0 \u00a0 \u00a0 \u00a0 \u00a0 \u00a0 \u00a0 \u00a0 \u00a0 \u00a0 \u00a0 \u00a0 \u00a0 \u00a0 \u00a0 \u00a0 \u00a0 \u00a0 \u00a0 \u00a0 \u00a0 \u00a0 \u00a0<\/strong><\/p>\n<p><\/p>\n<hr class=\"wp-block-separator has-alpha-channel-opacity is-style-wide\" \/>\n<p><\/p>\n<p class=\"has-text-align-right\"><strong>\u00a0 Gniezno 18.04.2023<\/strong><\/p>\n<p><\/p>\n<p><strong><a href=\"http:\/\/www.piw.gniezno.pl\/container\/2023a\/prezentacja%20asf.pdf\" target=\"_blank\" rel=\"noreferrer noopener\">ASF &#8211; \u015brodki kontroli, bioasekuracja &#8211; zasady przemieszczania \u015bwi\u0144 &#8211; prezentacja<\/a><\/strong><\/p>\n<p><\/p>\n<hr class=\"wp-block-separator has-alpha-channel-opacity is-style-wide\" \/>\n<p><\/p>\n<p class=\"has-text-align-right\">Gniezno, 23.03.2023<\/p>\n<p><\/p>\n<p><strong><a href=\"https:\/\/piw.gniezno.pl\/p,100,wyznaczenia-2022\" target=\"_blank\" rel=\"noreferrer noopener\"><strong>Og\u0142oszenie o potrzebie dokonania wyznacze\u0144 na rok 2023<\/strong> -link<\/a><\/strong><\/p>\n<p><\/p>\t\t\t\t\t\t\t\t<\/div>\n\t\t\t\t<\/div>\n\t\t\t\t\t<\/div>\n\t\t\t\t<\/div>\n\t\t<div class=\"elementor-element elementor-element-1a063b6 e-flex e-con-boxed e-con e-parent\" data-id=\"1a063b6\" data-element_type=\"container\">\n\t\t\t\t\t<div class=\"e-con-inner\">\n\t\t\t\t\t<\/div>\n\t\t\t\t<\/div>\n\t\t\t\t<\/div>\n\t\t","protected":false},"excerpt":{"rendered":"<p>Og\u0142oszenie o potrzebie dokonania wyznacze\u0144 na rok 2024 &#8211; link\u00a0 Rozporz\u0105dzenie Wojewody Wielkopolskiego z dnia 6 sierpnia 2024 r. w sprawie zwalczania afryka\u0144skiego pomoru \u015bwi\u0144 na terenie powiatu gnie\u017anie\u0144skiego, pozna\u0144skiego i w\u0105growieckiego &#8211; link Rozporz\u0105dzenie Wojewody Wielkopolskiego z dnia 2 sierpnia 2024 r. zmieniaj\u0105ce rozporz\u0105dzenie w sprawie zwalczania afryka\u0144skiego pomoru \u015bwi\u0144 na terenie powiatu gnie\u017anie\u0144skiego, [&hellip;]<\/p>\n","protected":false},"author":1,"featured_media":0,"parent":0,"menu_order":0,"comment_status":"closed","ping_status":"closed","template":"","meta":{"_uag_custom_page_level_css":"","site-sidebar-layout":"default","site-content-layout":"","ast-site-content-layout":"default","site-content-style":"default","site-sidebar-style":"default","ast-global-header-display":"","ast-banner-title-visibility":"","ast-main-header-display":"","ast-hfb-above-header-display":"","ast-hfb-below-header-display":"","ast-hfb-mobile-header-display":"","site-post-title":"disabled","ast-breadcrumbs-content":"","ast-featured-img":"","footer-sml-layout":"","ast-disable-related-posts":"","theme-transparent-header-meta":"","adv-header-id-meta":"","stick-header-meta":"","header-above-stick-meta":"","header-main-stick-meta":"","header-below-stick-meta":"","astra-migrate-meta-layouts":"set","ast-page-background-enabled":"default","ast-page-background-meta":{"desktop":{"background-color":"var(--ast-global-color-4)","background-image":"","background-repeat":"repeat","background-position":"center center","background-size":"auto","background-attachment":"scroll","background-type":"","background-media":"","overlay-type":"","overlay-color":"","overlay-opacity":"","overlay-gradient":""},"tablet":{"background-color":"","background-image":"","background-repeat":"repeat","background-position":"center center","background-size":"auto","background-attachment":"scroll","background-type":"","background-media":"","overlay-type":"","overlay-color":"","overlay-opacity":"","overlay-gradient":""},"mobile":{"background-color":"","background-image":"","background-repeat":"repeat","background-position":"center center","background-size":"auto","background-attachment":"scroll","background-type":"","background-media":"","overlay-type":"","overlay-color":"","overlay-opacity":"","overlay-gradient":""}},"ast-content-background-meta":{"desktop":{"background-color":"var(--ast-global-color-5)","background-image":"","background-repeat":"repeat","background-position":"center center","background-size":"auto","background-attachment":"scroll","background-type":"","background-media":"","overlay-type":"","overlay-color":"","overlay-opacity":"","overlay-gradient":""},"tablet":{"background-color":"var(--ast-global-color-5)","background-image":"","background-repeat":"repeat","background-position":"center center","background-size":"auto","background-attachment":"scroll","background-type":"","background-media":"","overlay-type":"","overlay-color":"","overlay-opacity":"","overlay-gradient":""},"mobile":{"background-color":"var(--ast-global-color-5)","background-image":"","background-repeat":"repeat","background-position":"center center","background-size":"auto","background-attachment":"scroll","background-type":"","background-media":"","overlay-type":"","overlay-color":"","overlay-opacity":"","overlay-gradient":""}},"footnotes":""},"class_list":["post-56","page","type-page","status-publish","hentry"],"uagb_featured_image_src":{"full":false,"thumbnail":false,"medium":false,"medium_large":false,"large":false,"1536x1536":false,"2048x2048":false},"uagb_author_info":{"display_name":"Darek","author_link":"https:\/\/piw.gniezno.pl\/?author=1"},"uagb_comment_info":0,"uagb_excerpt":"Og\u0142oszenie o potrzebie dokonania wyznacze\u0144 na rok 2024 &#8211; link\u00a0 Rozporz\u0105dzenie Wojewody Wielkopolskiego z dnia 6 sierpnia 2024 r. w sprawie zwalczania afryka\u0144skiego pomoru \u015bwi\u0144 na terenie powiatu gnie\u017anie\u0144skiego, pozna\u0144skiego i w\u0105growieckiego &#8211; link Rozporz\u0105dzenie Wojewody Wielkopolskiego z dnia 2 sierpnia 2024 r. zmieniaj\u0105ce rozporz\u0105dzenie w sprawie zwalczania afryka\u0144skiego pomoru \u015bwi\u0144 na terenie powiatu gnie\u017anie\u0144skiego,&hellip;","_links":{"self":[{"href":"https:\/\/piw.gniezno.pl\/index.php?rest_route=\/wp\/v2\/pages\/56","targetHints":{"allow":["GET"]}}],"collection":[{"href":"https:\/\/piw.gniezno.pl\/index.php?rest_route=\/wp\/v2\/pages"}],"about":[{"href":"https:\/\/piw.gniezno.pl\/index.php?rest_route=\/wp\/v2\/types\/page"}],"author":[{"embeddable":true,"href":"https:\/\/piw.gniezno.pl\/index.php?rest_route=\/wp\/v2\/users\/1"}],"replies":[{"embeddable":true,"href":"https:\/\/piw.gniezno.pl\/index.php?rest_route=%2Fwp%2Fv2%2Fcomments&post=56"}],"version-history":[{"count":391,"href":"https:\/\/piw.gniezno.pl\/index.php?rest_route=\/wp\/v2\/pages\/56\/revisions"}],"predecessor-version":[{"id":1510,"href":"https:\/\/piw.gniezno.pl\/index.php?rest_route=\/wp\/v2\/pages\/56\/revisions\/1510"}],"wp:attachment":[{"href":"https:\/\/piw.gniezno.pl\/index.php?rest_route=%2Fwp%2Fv2%2Fmedia&parent=56"}],"curies":[{"name":"wp","href":"https:\/\/api.w.org\/{rel}","templated":true}]}}